{"id":355,"date":"2018-02-08T13:17:50","date_gmt":"2018-02-08T11:17:50","guid":{"rendered":"https:\/\/filcat.uab.cat\/Gavarro\/?page_id=10"},"modified":"2026-02-16T00:31:15","modified_gmt":"2026-02-15T22:31:15","slug":"classes-courses","status":"publish","type":"page","link":"https:\/\/filcat.uab.cat\/Gavarro\/classes-courses\/","title":{"rendered":"Classes-Courses"},"content":{"rendered":"<figure id=\"attachment_28\" aria-describedby=\"caption-attachment-28\" style=\"width: 749px\" class=\"wp-caption aligncenter\"><img loading=\"lazy\" decoding=\"async\" class=\"wp-image-28 size-full\" src=\"https:\/\/filcat.uab.cat\/Gavarro\/wp-content\/uploads\/2018\/02\/classes-courses.jpg\" alt=\"\" width=\"749\" height=\"293\" srcset=\"https:\/\/filcat.uab.cat\/Gavarro\/wp-content\/uploads\/2018\/02\/classes-courses.jpg 749w, https:\/\/filcat.uab.cat\/Gavarro\/wp-content\/uploads\/2018\/02\/classes-courses-300x117.jpg 300w\" sizes=\"auto, (max-width: 706px) 89vw, (max-width: 767px) 82vw, 740px\" \/><figcaption id=\"caption-attachment-28\" class=\"wp-caption-text\">Lena i Joan, Avebury Circle, 2007<\/figcaption><\/figure>\n<h2><a href=\"https:\/\/filcat.uab.cat\/la-uab-primera-universitat-en-linguistica-de-lambit-estatal\/\">Doc\u00e8ncia Curs 2025-2026<\/a><\/h2>\n<h3>Assignatures<\/h3>\n<p><strong>Adquisici\u00f3 del Llenguatge,<\/strong> amb E. Pagliarini, primer semestre<br \/>\n<strong>Introducci\u00f3 a la Ling\u00fc\u00edstica<\/strong>, amb E. Ciutescu, segon semestre<\/p>\n<p>Direcci\u00f3 de treballs de fi de grau\/Supervision of BA dissertations<\/p>\n<ol>\n<li>Joana Borrell (2025) L\u2019edat d\u2019adquisici\u00f3 dels quantificadors en catal\u00e0 (codirigit amb E. Pagliarini)<\/li>\n<li>Laura Trias (2025) L\u2019adquisici\u00f3 dels quantificadors tots i uns quants en infants catalano-parlants d\u2019entre 3 i 5 anys (codirigit amb E.Pagliarini)<\/li>\n<li>Sergi Jo Gal\u00ed (2022) <a href=\"https:\/\/ddd.uab.cat\/record\/271744\">L\u2019adquisici\u00f3 de l\u2019elevaci\u00f3 en catal\u00e0: un experiment amb el verb <em>semblar.<\/em><\/a><\/li>\n<li>Carla Rodr\u00edguez J\u00f2dar (2022) Un experiment d&#8217;elicitaci\u00f3 de cl\u00edtics locatius en catal\u00e0.<\/li>\n<li>David Delgado Oliveros (2019) <a href=\"https:\/\/ddd.uab.cat\/record\/233392\">Un nou experiment sobre la disjunci\u00f3 negativa<\/a> (codirigit amb Elena Pagliarini) (finalista al Premi Aina Moll 2021)<\/li>\n<li>Iman El Hadef Hammad (2019) Un estudi sobre l&#8217;adquisici\u00f3 de la darija<\/li>\n<li>B\u00e0rbara Aguiar (2018) Un experiment sobre la comprensi\u00f3 dels pronoms reflexius i no-reflexius en la S\u00edndrome de Down en catal\u00e0<\/li>\n<li>Marta Andrada (2018) L&#8217;adquisici\u00f3 de la disjunci\u00f3 negativa en catal\u00e0 <a href=\"https:\/\/ddd.uab.cat\/record\/194344\">(https:\/\/ddd.uab.cat\/record\/194344)<\/a><\/li>\n<li>Sara Gonz\u00e0lez (2018) The acquisition of Catalan passives with perception verbs (<a href=\"https:\/\/ddd.uab.cat\/record\/194345\">https:\/\/ddd.uab.cat\/record\/194345)<\/a><\/li>\n<li>Aldara Pere\u00f1\u00edguez (2018) Nous resultats per a una tasca de repetici\u00f3 de frases del catal\u00e0<\/li>\n<li>Luc\u00eda G\u00f3mez Marzo (2016) Lecturas culminativas en el espa\u00f1ol infantil (<a href=\"https:\/\/ddd.uab.cat\/record\/166357\">https:\/\/ddd.uab.cat\/record\/166357)<\/a><\/li>\n<li>Marina Moratalla Subir\u00e0 (2015) Dos estudis sobre l\u2019adquisici\u00f3 de la passiva en catal\u00e0.<\/li>\n<li>Noem\u00ed Fort\u00f3n Moix (2014) Un nou experiment d\u2019elicitaci\u00f3 de cl\u00edtics de primera i segona persona en catal\u00e0 (<a title=\"http:\/\/ddd.uab.cat\/record\/126761?ln=c\" href=\"http:\/\/ddd.uab.cat\/record\/126761?ln=c\">http:\/\/ddd.uab.cat\/record\/126761?ln=c<\/a>).<\/li>\n<li>Eduardo Palma Mart\u00ednez (2014) Subjectes, t\u00f2pics i focus en l\u2019adquisici\u00f3 del catal\u00e0 (<a title=\"http:\/\/ddd.uab.cat\/record\/119196?ln=ca\" href=\"http:\/\/ddd.uab.cat\/record\/119196?ln=ca\">http:\/\/ddd.uab.cat\/record\/119196?ln=ca<\/a>).<\/li>\n<li>Laia Montes Salarich (2014) Lexical acquisition in Catalan preschool children: noun and verb comprehension and production (<a title=\"http:\/\/ddd.uab.cat\/record\/126769?ln=ca\" href=\"http:\/\/ddd.uab.cat\/record\/126769?ln=ca\">http:\/\/ddd.uab.cat\/record\/126769?ln=ca<\/a>).<\/li>\n<li>Maria Rafel Aliaga (2013) L\u2019adquisici\u00f3 dels cl\u00edtics de 1a i 2a persona en catal\u00e0\u00a0(<a title=\"http:\/\/ddd.uab.cat\/record\/112560?ln=ca\" href=\"http:\/\/ddd.uab.cat\/record\/112560?ln=ca\">http:\/\/ddd.uab.cat\/record\/112560?ln=ca<\/a>)<\/li>\n<\/ol>\n","protected":false},"excerpt":{"rendered":"<p>Doc\u00e8ncia Curs 2025-2026 Assignatures Adquisici\u00f3 del Llenguatge, amb E. Pagliarini, primer semestre Introducci\u00f3 a la Ling\u00fc\u00edstica, amb E. Ciutescu, segon semestre Direcci\u00f3 de treballs de fi de grau\/Supervision of BA dissertations Joana Borrell (2025) L\u2019edat d\u2019adquisici\u00f3 dels quantificadors en catal\u00e0 (codirigit amb E. Pagliarini) Laura Trias (2025) L\u2019adquisici\u00f3 dels quantificadors tots i uns quants en &hellip; <\/p>\n<p class=\"link-more\"><a href=\"https:\/\/filcat.uab.cat\/Gavarro\/classes-courses\/\" class=\"more-link\">Continua llegint <span class=\"screen-reader-text\">\u00abClasses-Courses\u00bb<\/span><\/a><\/p>\n","protected":false},"author":1,"featured_media":0,"parent":0,"menu_order":0,"comment_status":"closed","ping_status":"closed","template":"","meta":{"footnotes":""},"class_list":["post-355","page","type-page","status-publish","hentry"],"_links":{"self":[{"href":"https:\/\/filcat.uab.cat\/Gavarro\/wp-json\/wp\/v2\/pages\/355","targetHints":{"allow":["GET"]}}],"collection":[{"href":"https:\/\/filcat.uab.cat\/Gavarro\/wp-json\/wp\/v2\/pages"}],"about":[{"href":"https:\/\/filcat.uab.cat\/Gavarro\/wp-json\/wp\/v2\/types\/page"}],"author":[{"embeddable":true,"href":"https:\/\/filcat.uab.cat\/Gavarro\/wp-json\/wp\/v2\/users\/1"}],"replies":[{"embeddable":true,"href":"https:\/\/filcat.uab.cat\/Gavarro\/wp-json\/wp\/v2\/comments?post=355"}],"version-history":[{"count":26,"href":"https:\/\/filcat.uab.cat\/Gavarro\/wp-json\/wp\/v2\/pages\/355\/revisions"}],"predecessor-version":[{"id":710,"href":"https:\/\/filcat.uab.cat\/Gavarro\/wp-json\/wp\/v2\/pages\/355\/revisions\/710"}],"wp:attachment":[{"href":"https:\/\/filcat.uab.cat\/Gavarro\/wp-json\/wp\/v2\/media?parent=355"}],"curies":[{"name":"wp","href":"https:\/\/api.w.org\/{rel}","templated":true}]}}